{"id":971,"date":"2014-06-08T15:24:59","date_gmt":"2014-06-08T13:24:59","guid":{"rendered":"http:\/\/spr-renens.ch\/?page_id=971"},"modified":"2014-06-22T12:19:28","modified_gmt":"2014-06-22T10:19:28","slug":"la-plaquette-du-50eme-anniversaire-spr","status":"publish","type":"page","link":"https:\/\/spr-renens.ch\/?page_id=971","title":{"rendered":"La plaquette du 50\u00e8me"},"content":{"rendered":"<h4>Plaquette de souvenir publi\u00e9e pour les 50 ans de la Soci\u00e9t\u00e9 Philath\u00e9lique de Renens<\/h4>\n<h3><strong><a href=\"http:\/\/spr-renens.ch\/wp-content\/uploads\/Plaquette-SPR-_07062014.pdf\">Plaquette SPR _07062014<\/a><\/strong><\/h3>\n<p><strong>\u00a0<\/strong><a href=\"http:\/\/spr-renens.ch\/wp-content\/uploads\/Plaquette-SPR-_07062014.pdf\" target=\"_blank\"><img fetchpriority=\"high\" decoding=\"async\" class=\"size-medium wp-image-939\" src=\"http:\/\/spr-renens.ch\/wp-content\/uploads\/Composition_page-de-garde_2-212x300.jpg\" alt=\"Plaquette de souvenir publi\u00e9e pour les 50 ans de la Soci\u00e9t\u00e9 Philath\u00e9lique de Renens\" width=\"212\" height=\"300\" srcset=\"https:\/\/spr-renens.ch\/wp-content\/uploads\/Composition_page-de-garde_2-212x300.jpg 212w, https:\/\/spr-renens.ch\/wp-content\/uploads\/Composition_page-de-garde_2-723x1024.jpg 723w, https:\/\/spr-renens.ch\/wp-content\/uploads\/Composition_page-de-garde_2.jpg 1240w\" sizes=\"(max-width: 212px) 100vw, 212px\" \/><\/a><\/p>\n<p><!--more--><\/p>\n<h2>TABLE DES MATIERES<\/h2>\n<p>&nbsp;<\/p>\n<table width=\"611\">\n<tbody>\n<tr>\n<td width=\"228\">\n<h3>\u00a0\u00a0<b>Introductions:<\/b><\/h3>\n<\/td>\n<\/tr>\n<tr>\n<td style=\"padding-left: 30px;\" width=\"383\">\n<h3><a href=\"http:\/\/spr-renens.ch\/wp-content\/uploads\/Introduction_comit\u00e9_de-r\u00e9daction.pdf\" target=\"_blank\">Introduction du comit\u00e9 de r\u00e9daction<\/a><\/h3>\n<\/td>\n<td width=\"228\">Daniel Wenger<\/td>\n<\/tr>\n<tr>\n<td width=\"383\">\n<h3 style=\"padding-left: 30px;\"><a href=\"http:\/\/spr-renens.ch\/wp-content\/uploads\/Propos-du-pr\u00e9sident.pdf\" target=\"_blank\">Les propos du pr\u00e9sident<\/a><\/h3>\n<\/td>\n<td width=\"228\">Andr\u00e9 Kairis<\/td>\n<\/tr>\n<tr>\n<td width=\"383\">\n<h3 style=\"padding-left: 30px;\"><a href=\"http:\/\/spr-renens.ch\/wp-content\/uploads\/Seydoux.pdf\" target=\"_blank\">Avant-propos de la F\u00e9d\u00e9ration<\/a><\/h3>\n<\/td>\n<td width=\"228\">Jean-Marc Seydoux<\/td>\n<\/tr>\n<tr>\n<td width=\"383\">\n<h3><b>Histoire de la soci\u00e9t\u00e9<\/b><\/h3>\n<\/td>\n<td width=\"228\"><\/td>\n<\/tr>\n<tr>\n<td width=\"383\">\n<h3 style=\"padding-left: 30px;\"><a href=\"http:\/\/spr-renens.ch\/wp-content\/uploads\/SPR-Les-premi\u00e8res-ann\u00e9es.pdf\" target=\"_blank\">R\u00e9sum\u00e9 des premi\u00e8res ann\u00e9es<\/a><\/h3>\n<\/td>\n<td width=\"228\"><\/td>\n<\/tr>\n<tr>\n<td width=\"383\">\n<h3 style=\"padding-left: 30px;\"><a href=\"http:\/\/spr-renens.ch\/wp-content\/uploads\/Composition_Wicht.pdf\" target=\"_blank\">1969-2002, 33 ans de pr\u00e9sidence<\/a><\/h3>\n<\/td>\n<td width=\"228\">Francis Wicht, pr\u00e9s. d\u2019honneur<\/td>\n<\/tr>\n<tr>\n<td width=\"383\">\n<h3 style=\"padding-left: 30px;\"><a href=\"http:\/\/spr-renens.ch\/wp-content\/uploads\/Juniors_SPR_Pierre-Mathez.pdf\" target=\"_blank\">Il \u00e9tait une fois la section juniors<\/a><\/h3>\n<\/td>\n<td width=\"228\">Pierre Mathez, pr\u00e9s. honoraire<\/td>\n<\/tr>\n<tr>\n<td width=\"383\">\n<h3 style=\"padding-left: 30px;\"><a href=\"http:\/\/spr-renens.ch\/wp-content\/uploads\/Quelques-photos-du-livre-dor1.pdf\" target=\"_blank\">Extraits de photos du livre d\u2019or<\/a><\/h3>\n<\/td>\n<td width=\"228\"><\/td>\n<\/tr>\n<tr>\n<td width=\"383\">\n<h3><b>Histoire postale du Pays de Vaud<\/b><\/h3>\n<\/td>\n<td width=\"228\"><\/td>\n<\/tr>\n<tr>\n<td width=\"383\">\n<h3 style=\"padding-left: 30px;\"><a href=\"http:\/\/spr-renens.ch\/wp-content\/uploads\/Histoire-postale-Pays-de-Vaud_romain-et-savoyard.pdf\" target=\"_blank\">Contexte historique<\/a><\/h3>\n<\/td>\n<td width=\"228\">Daniel Wenger<\/td>\n<\/tr>\n<tr>\n<td width=\"383\">\n<h3 style=\"padding-left: 30px;\"><a href=\"http:\/\/spr-renens.ch\/wp-content\/uploads\/Histoire-postale-pays-de-Vaud_Ancien-r\u00e9gime.pdf\" target=\"_blank\">Les premiers cachets vaudois<\/a><\/h3>\n<\/td>\n<td width=\"228\">D.Wenger et Bernard Matthey<\/td>\n<\/tr>\n<tr>\n<td width=\"383\">\n<h3 style=\"padding-left: 30px;\"><a href=\"http:\/\/spr-renens.ch\/wp-content\/uploads\/Histoire-postale-pays-de-Vaud_Helv\u00e9tique.pdf\" target=\"_blank\">La p\u00e9riode helv\u00e9tique, le canton du L\u00e9man<\/a><\/h3>\n<\/td>\n<td width=\"228\">D.Wenger et Bernard Matthey<\/td>\n<\/tr>\n<tr>\n<td width=\"383\">\n<h3 style=\"padding-left: 30px;\"><a href=\"http:\/\/spr-renens.ch\/wp-content\/uploads\/Composition_\u00e9volution-postale.pdf\" target=\"_blank\">L\u2019\u00e9volution de la Poste<\/a><\/h3>\n<\/td>\n<td width=\"228\">Daniel Wenger<\/td>\n<\/tr>\n<tr>\n<td width=\"383\">\n<h2><b>Renens<\/b><\/h2>\n<\/td>\n<td width=\"228\"><\/td>\n<\/tr>\n<tr>\n<td width=\"383\">\n<h3 style=\"padding-left: 30px;\"><a href=\"http:\/\/spr-renens.ch\/wp-content\/uploads\/Histoire-postale-Renens.pdf\" target=\"_blank\">L\u2019histoire postale de Renens<\/a><\/h3>\n<\/td>\n<td width=\"228\">Jean-Claude Marendaz<\/td>\n<\/tr>\n<tr>\n<td width=\"383\">\n<h3 style=\"padding-left: 30px;\"><a href=\"http:\/\/spr-renens.ch\/wp-content\/uploads\/Renens_cachets-modifi\u00e9s_bis.pdf\" target=\"_blank\">Cachets modifi\u00e9s<\/a><\/h3>\n<\/td>\n<td width=\"228\">Pierre Guinand<\/td>\n<\/tr>\n<tr>\n<td width=\"383\">\n<h3 style=\"padding-left: 30px;\"><a href=\"http:\/\/spr-renens.ch\/wp-content\/uploads\/Composition-Renens.pdf\" target=\"_blank\">Carrefour d\u2019id\u00e9es<\/a><\/h3>\n<\/td>\n<td width=\"228\">Ville de Renens<\/td>\n<\/tr>\n<tr>\n<td width=\"383\">\n<h3><b>Autres articles<\/b><\/h3>\n<\/td>\n<td width=\"228\"><\/td>\n<\/tr>\n<tr>\n<td width=\"383\">\n<h3 style=\"padding-left: 30px;\"><a href=\"http:\/\/spr-renens.ch\/wp-content\/uploads\/Composition_th\u00e9matique.pdf\" target=\"_blank\">La philat\u00e9lie th\u00e9matique<\/a><\/h3>\n<h3 style=\"padding-left: 30px;\"><a href=\"http:\/\/spr-renens.ch\/wp-content\/uploads\/Exposition-Essen2.pdf\" target=\"_blank\">Les nouvelles d&rsquo;un philat\u00e9liste voyageur<\/a><\/h3>\n<\/td>\n<td width=\"228\">Marcel Jaques<\/td>\n<\/tr>\n<tr>\n<td width=\"383\">\n<h3 style=\"padding-left: 30px;\"><a href=\"http:\/\/spr-renens.ch\/wp-content\/uploads\/Les-imprim\u00e9s-\u00e0-l_essai_Barnier.pdf\" target=\"_blank\">Imprim\u00e9s envoy\u00e9s \u00e0 l\u2019essai<\/a><\/h3>\n<\/td>\n<td width=\"228\">Fabien Barnier<\/td>\n<\/tr>\n<tr>\n<td width=\"383\">\n<h3 style=\"padding-left: 30px;\"><a href=\"http:\/\/spr-renens.ch\/wp-content\/uploads\/Composition_oblit\u00e9rations.pdf\" target=\"_blank\">Les belles oblit\u00e9rations<\/a><\/h3>\n<\/td>\n<td width=\"228\">Pierre Mathez<\/td>\n<\/tr>\n<tr>\n<td width=\"383\">\n<h3 style=\"padding-left: 30px;\"><a href=\"http:\/\/spr-renens.ch\/wp-content\/uploads\/Isabelle-de-Montolieu.pdf\" target=\"_blank\">Isabelle de Montolieu<\/a><\/h3>\n<\/td>\n<td width=\"228\">Daniel Wenger<\/td>\n<\/tr>\n<tr>\n<td width=\"383\">\n<h3 style=\"padding-left: 30px;\"><a href=\"http:\/\/spr-renens.ch\/wp-content\/uploads\/Plaquette-Alexandre-Yersin.pdf\" target=\"_blank\">Alexandre Yersin, un grand homme<\/a><\/h3>\n<\/td>\n<td width=\"228\">Pierre Mathez<\/td>\n<\/tr>\n<tr>\n<td width=\"383\">\n<h3 style=\"padding-left: 30px;\"><a href=\"http:\/\/spr-renens.ch\/wp-content\/uploads\/Pr\u00e9curseurs.pdf\" target=\"_blank\">Pr\u00e9curseurs 60Ac et 63A<\/a><\/h3>\n<\/td>\n<td width=\"228\">Pierre Jaquenoud<\/td>\n<\/tr>\n<tr>\n<td width=\"383\"><b>Liste des membres SPR en 2014<\/b><\/td>\n<td width=\"228\"><\/td>\n<\/tr>\n<\/tbody>\n<\/table>\n","protected":false},"excerpt":{"rendered":"<p>Plaquette de souvenir publi\u00e9e pour les 50 ans de la Soci\u00e9t\u00e9 Philath\u00e9lique de Renens Plaquette SPR _07062014 \u00a0<\/p>\n","protected":false},"author":1,"featured_media":0,"parent":0,"menu_order":0,"comment_status":"open","ping_status":"closed","template":"","meta":{"footnotes":"","_links_to":"","_links_to_target":""},"class_list":["post-971","page","type-page","status-publish","hentry"],"_links":{"self":[{"href":"https:\/\/spr-renens.ch\/index.php?rest_route=\/wp\/v2\/pages\/971","targetHints":{"allow":["GET"]}}],"collection":[{"href":"https:\/\/spr-renens.ch\/index.php?rest_route=\/wp\/v2\/pages"}],"about":[{"href":"https:\/\/spr-renens.ch\/index.php?rest_route=\/wp\/v2\/types\/page"}],"author":[{"embeddable":true,"href":"https:\/\/spr-renens.ch\/index.php?rest_route=\/wp\/v2\/users\/1"}],"replies":[{"embeddable":true,"href":"https:\/\/spr-renens.ch\/index.php?rest_route=%2Fwp%2Fv2%2Fcomments&post=971"}],"version-history":[{"count":37,"href":"https:\/\/spr-renens.ch\/index.php?rest_route=\/wp\/v2\/pages\/971\/revisions"}],"predecessor-version":[{"id":1059,"href":"https:\/\/spr-renens.ch\/index.php?rest_route=\/wp\/v2\/pages\/971\/revisions\/1059"}],"wp:attachment":[{"href":"https:\/\/spr-renens.ch\/index.php?rest_route=%2Fwp%2Fv2%2Fmedia&parent=971"}],"curies":[{"name":"wp","href":"https:\/\/api.w.org\/{rel}","templated":true}]}}